{"id":13562,"date":"2026-09-03T22:11:42","date_gmt":"2026-09-03T20:11:42","guid":{"rendered":"https:\/\/kaniel-agency.com\/?page_id=13562"},"modified":"2026-09-03T22:22:47","modified_gmt":"2026-09-03T20:22:47","slug":"contrat-pour-retail-espaces-commerciaux","status":"publish","type":"page","link":"https:\/\/kaniel-agency.com\/fr\/contrat-pour-retail-espaces-commerciaux\/","title":{"rendered":"Mobilier contract pour le retail et les espaces commerciaux"},"content":{"rendered":"\t\t<div data-elementor-type=\"wp-page\" data-elementor-id=\"13562\" class=\"elementor elementor-13562 elementor-13561\" data-elementor-post-type=\"page\">\n\t\t\t\t\t\t<section class=\"elementor-section elementor-top-section elementor-element elementor-element-bb1c20d elementor-section-full_width elementor-reverse-mobile elementor-section-height-default elementor-section-height-default\" data-id=\"bb1c20d\" data-element_type=\"section\" data-e-type=\"section\">\n\t\t\t\t\t\t<div class=\"elementor-container elementor-column-gap-default\">\n\t\t\t\t\t<div class=\"elementor-column elementor-col-100 elementor-top-column elementor-element elementor-element-876f636\" data-id=\"876f636\" data-element_type=\"column\" data-e-type=\"column\">\n\t\t\t<div class=\"elementor-widget-wrap elementor-element-populated\">\n\t\t\t\t\t\t<div class=\"elementor-element elementor-element-0e1bd86 elementor-widget elementor-widget-breadcrumbs\" data-id=\"0e1bd86\" data-element_type=\"widget\" data-e-type=\"widget\" data-widget_type=\"breadcrumbs.default\">\n\t\t\t\t<div class=\"elementor-widget-container\">\n\t\t\t\t\t<p id=\"breadcrumbs\"><span><span><a href=\"https:\/\/kaniel-agency.com\/fr\/\">Accueil<\/a><\/span><\/span><\/p>\t\t\t\t<\/div>\n\t\t\t\t<\/div>\n\t\t\t\t\t<\/div>\n\t\t<\/div>\n\t\t\t\t\t<\/div>\n\t\t<\/section>\n\t\t\t\t<section class=\"elementor-section elementor-top-section elementor-element elementor-element-31b2f217 elementor-section-full_width hidebgmvl elementor-reverse-mobile elementor-section-height-default elementor-section-height-default\" data-id=\"31b2f217\" data-element_type=\"section\" data-e-type=\"section\" data-settings=\"{&quot;background_background&quot;:&quot;classic&quot;}\">\n\t\t\t\t\t\t<div class=\"elementor-container elementor-column-gap-default\">\n\t\t\t\t\t<div class=\"elementor-column elementor-col-50 elementor-top-column elementor-element elementor-element-65f3b3d2\" data-id=\"65f3b3d2\" data-element_type=\"column\" data-e-type=\"column\">\n\t\t\t<div class=\"elementor-widget-wrap elementor-element-populated\">\n\t\t\t\t\t\t<div class=\"elementor-element elementor-element-75c5cc30 elementor-widget elementor-widget-heading\" data-id=\"75c5cc30\" data-element_type=\"widget\" data-e-type=\"widget\" data-widget_type=\"heading.default\">\n\t\t\t\t<div class=\"elementor-widget-container\">\n\t\t\t\t\t<h1 class=\"elementor-heading-title elementor-size-default\">Mobilier contract pour le retail et les espaces commerciaux<\/h1>\t\t\t\t<\/div>\n\t\t\t\t<\/div>\n\t\t\t\t<div class=\"elementor-element elementor-element-3568b344 elementor-widget elementor-widget-text-editor\" data-id=\"3568b344\" data-element_type=\"widget\" data-e-type=\"widget\" data-widget_type=\"text-editor.default\">\n\t\t\t\t<div class=\"elementor-widget-container\">\n\t\t\t\t\t\t\t\t\t<p><span style=\"font-weight: 400;\">Nous cr\u00e9ons des espaces commerciaux qui am\u00e9liorent l\u2019exp\u00e9rience d\u2019achat et contribuent \u00e0 renforcer le positionnement de chaque marque.<\/span><\/p><h2><b>Le design commercial influence les ventes<\/b><\/h2><p><span style=\"font-weight: 400;\">L\u2019agencement de l\u2019espace, l\u2019\u00e9clairage et le mobilier influencent directement le comportement des consommateurs et leur perception de la marque.<\/span><\/p><h2><b>Des solutions pour commerces et concept stores<\/b><\/h2><p><span style=\"font-weight: 400;\">Nous accompagnons des projets retail qui souhaitent se diff\u00e9rencier gr\u00e2ce \u00e0 une exp\u00e9rience client plus attractive et coh\u00e9rente avec leurs valeurs.<\/span><\/p><h2><b>Des espaces qui transmettent une identit\u00e9<\/b><\/h2><p><span style=\"font-weight: 400;\">Chaque commerce poss\u00e8de sa propre personnalit\u00e9. Notre objectif est de vous aider \u00e0 cr\u00e9er des environnements capables de s\u00e9duire vos clients et de renforcer votre image de marque.<\/span><\/p>\t\t\t\t\t\t\t\t<\/div>\n\t\t\t\t<\/div>\n\t\t\t\t\t<\/div>\n\t\t<\/div>\n\t\t\t\t<div class=\"elementor-column elementor-col-50 elementor-top-column elementor-element elementor-element-4ef6aba9\" data-id=\"4ef6aba9\" data-element_type=\"column\" data-e-type=\"column\" data-settings=\"{&quot;background_background&quot;:&quot;classic&quot;}\">\n\t\t\t<div class=\"elementor-widget-wrap elementor-element-populated\">\n\t\t\t\t\t\t<div class=\"elementor-element elementor-element-5ca6a8dc elementor-widget elementor-widget-spacer\" data-id=\"5ca6a8dc\" data-element_type=\"widget\" data-e-type=\"widget\" data-widget_type=\"spacer.default\">\n\t\t\t\t<div class=\"elementor-widget-container\">\n\t\t\t\t\t\t\t<div class=\"elementor-spacer\">\n\t\t\t<div class=\"elementor-spacer-inner\"><\/div>\n\t\t<\/div>\n\t\t\t\t\t\t<\/div>\n\t\t\t\t<\/div>\n\t\t\t\t\t<\/div>\n\t\t<\/div>\n\t\t\t\t\t<\/div>\n\t\t<\/section>\n\t\t\t\t<section class=\"elementor-section elementor-top-section elementor-element elementor-element-420d2120 servicio elementor-section-full_width elementor-section-height-default elementor-section-height-default\" data-id=\"420d2120\" data-element_type=\"section\" data-e-type=\"section\">\n\t\t\t\t\t\t<div class=\"elementor-container elementor-column-gap-no\">\n\t\t\t\t\t<div class=\"elementor-column elementor-col-100 elementor-top-column elementor-element elementor-element-e6818c0\" data-id=\"e6818c0\" data-element_type=\"column\" data-e-type=\"column\">\n\t\t\t<div class=\"elementor-widget-wrap elementor-element-populated\">\n\t\t\t\t\t\t<section class=\"elementor-section elementor-inner-section elementor-element elementor-element-6ba3244a elementor-section-height-min-height elementor-section-boxed elementor-section-height-default\" data-id=\"6ba3244a\" data-element_type=\"section\" data-e-type=\"section\">\n\t\t\t\t\t\t<div class=\"elementor-container elementor-column-gap-default\">\n\t\t\t\t\t<div class=\"elementor-column elementor-col-50 elementor-inner-column elementor-element elementor-element-60a67cd3\" data-id=\"60a67cd3\" data-element_type=\"column\" data-e-type=\"column\" data-settings=\"{&quot;background_background&quot;:&quot;classic&quot;}\">\n\t\t\t<div class=\"elementor-widget-wrap elementor-element-populated\">\n\t\t\t\t\t\t<div class=\"elementor-element elementor-element-21906437 elementor-hidden-desktop elementor-widget elementor-widget-spacer\" data-id=\"21906437\" data-element_type=\"widget\" data-e-type=\"widget\" data-widget_type=\"spacer.default\">\n\t\t\t\t<div class=\"elementor-widget-container\">\n\t\t\t\t\t\t\t<div class=\"elementor-spacer\">\n\t\t\t<div class=\"elementor-spacer-inner\"><\/div>\n\t\t<\/div>\n\t\t\t\t\t\t<\/div>\n\t\t\t\t<\/div>\n\t\t\t\t\t<\/div>\n\t\t<\/div>\n\t\t\t\t<div class=\"elementor-column elementor-col-50 elementor-inner-column elementor-element elementor-element-2b987bd0 serviceContent\" data-id=\"2b987bd0\" data-element_type=\"column\" data-e-type=\"column\" data-settings=\"{&quot;background_background&quot;:&quot;classic&quot;}\">\n\t\t\t<div class=\"elementor-widget-wrap elementor-element-populated\">\n\t\t\t\t\t\t<div class=\"elementor-element elementor-element-4c677b elementor-widget elementor-widget-heading\" data-id=\"4c677b\" data-element_type=\"widget\" data-e-type=\"widget\" data-widget_type=\"heading.default\">\n\t\t\t\t<div class=\"elementor-widget-container\">\n\t\t\t\t\t<h2 class=\"elementor-heading-title elementor-size-default\">Mobilier pour boutiques<\/h2>\t\t\t\t<\/div>\n\t\t\t\t<\/div>\n\t\t\t\t<div class=\"elementor-element elementor-element-1c9c7bd4 elementor-widget elementor-widget-text-editor\" data-id=\"1c9c7bd4\" data-element_type=\"widget\" data-e-type=\"widget\" data-widget_type=\"text-editor.default\">\n\t\t\t\t<div class=\"elementor-widget-container\">\n\t\t\t\t\t\t\t\t\t<p><span style=\"font-weight: 400;\">Le mobilier joue un r\u00f4le essentiel dans l\u2019organisation d\u2019un espace commercial et dans le parcours du client au sein du point de vente. La circulation, la pr\u00e9sentation des produits et le confort g\u00e9n\u00e9ral influencent directement l\u2019exp\u00e9rience d\u2019achat.<\/span><\/p><p><b>Un espace bien con\u00e7u permet d\u2019attirer l\u2019attention, de renforcer l\u2019identit\u00e9 de marque et d\u2019augmenter le temps pass\u00e9 en magasin.<\/b><span style=\"font-weight: 400;\"> C\u2019est pourquoi nous collaborons avec des marques capables d\u2019apporter des solutions fonctionnelles et esth\u00e9tiques adapt\u00e9es \u00e0 diff\u00e9rents types de commerces.<\/span><\/p><p><span style=\"font-weight: 400;\">Des pr\u00e9sentoirs et \u00e9tag\u00e8res aux tables d\u2019exposition et au mobilier compl\u00e9mentaire, chaque \u00e9l\u00e9ment contribue \u00e0 cr\u00e9er une exp\u00e9rience coh\u00e9rente et attractive.<\/span><\/p>\t\t\t\t\t\t\t\t<\/div>\n\t\t\t\t<\/div>\n\t\t\t\t\t<\/div>\n\t\t<\/div>\n\t\t\t\t\t<\/div>\n\t\t<\/section>\n\t\t\t\t\t<\/div>\n\t\t<\/div>\n\t\t\t\t\t<\/div>\n\t\t<\/section>\n\t\t\t\t<section class=\"elementor-section elementor-top-section elementor-element elementor-element-e59af42 servicio elementor-section-full_width elementor-section-height-default elementor-section-height-default\" data-id=\"e59af42\" data-element_type=\"section\" data-e-type=\"section\">\n\t\t\t\t\t\t<div class=\"elementor-container elementor-column-gap-no\">\n\t\t\t\t\t<div class=\"elementor-column elementor-col-100 elementor-top-column elementor-element elementor-element-6fff1008\" data-id=\"6fff1008\" data-element_type=\"column\" data-e-type=\"column\">\n\t\t\t<div class=\"elementor-widget-wrap elementor-element-populated\">\n\t\t\t\t\t\t<section class=\"elementor-section elementor-inner-section elementor-element elementor-element-4203f4ec elementor-section-height-min-height elementor-section-boxed elementor-section-height-default\" data-id=\"4203f4ec\" data-element_type=\"section\" data-e-type=\"section\">\n\t\t\t\t\t\t<div class=\"elementor-container elementor-column-gap-default\">\n\t\t\t\t\t<div class=\"elementor-column elementor-col-50 elementor-inner-column elementor-element elementor-element-14a1645f serviceContent\" data-id=\"14a1645f\" data-element_type=\"column\" data-e-type=\"column\" data-settings=\"{&quot;background_background&quot;:&quot;classic&quot;}\">\n\t\t\t<div class=\"elementor-widget-wrap elementor-element-populated\">\n\t\t\t\t\t\t<div class=\"elementor-element elementor-element-1a6f5ff4 elementor-widget elementor-widget-heading\" data-id=\"1a6f5ff4\" data-element_type=\"widget\" data-e-type=\"widget\" data-widget_type=\"heading.default\">\n\t\t\t\t<div class=\"elementor-widget-container\">\n\t\t\t\t\t<h2 class=\"elementor-heading-title elementor-size-default\">Concept stores<\/h2>\t\t\t\t<\/div>\n\t\t\t\t<\/div>\n\t\t\t\t<div class=\"elementor-element elementor-element-19d918cd elementor-widget elementor-widget-text-editor\" data-id=\"19d918cd\" data-element_type=\"widget\" data-e-type=\"widget\" data-widget_type=\"text-editor.default\">\n\t\t\t\t<div class=\"elementor-widget-container\">\n\t\t\t\t\t\t\t\t\t<p><span style=\"font-weight: 400;\">Les concept stores offrent bien plus qu\u2019une simple exp\u00e9rience d\u2019achat. Ce sont des lieux o\u00f9 le design, la s\u00e9lection de produits et l\u2019identit\u00e9 de marque se rencontrent pour cr\u00e9er des environnements uniques et m\u00e9morables.<\/span><\/p><p><b>Chaque d\u00e9tail compte lorsqu\u2019il s\u2019agit de transmettre un univers et de cr\u00e9er une connexion \u00e9motionnelle avec le client.<\/b><span style=\"font-weight: 400;\"> Le mobilier joue un r\u00f4le fondamental dans la construction de cette atmosph\u00e8re diff\u00e9renciante.<\/span><\/p><p><span style=\"font-weight: 400;\">Nous travaillons avec des marques qui permettent de d\u00e9velopper des espaces contemporains, polyvalents et parfaitement align\u00e9s avec les valeurs de chaque projet.<\/span><\/p>\t\t\t\t\t\t\t\t<\/div>\n\t\t\t\t<\/div>\n\t\t\t\t\t<\/div>\n\t\t<\/div>\n\t\t\t\t<div class=\"elementor-column elementor-col-50 elementor-inner-column elementor-element elementor-element-6ac8594e\" data-id=\"6ac8594e\" data-element_type=\"column\" data-e-type=\"column\" data-settings=\"{&quot;background_background&quot;:&quot;classic&quot;}\">\n\t\t\t<div class=\"elementor-widget-wrap elementor-element-populated\">\n\t\t\t\t\t\t<div class=\"elementor-element elementor-element-78d6daed elementor-hidden-desktop elementor-widget elementor-widget-spacer\" data-id=\"78d6daed\" data-element_type=\"widget\" data-e-type=\"widget\" data-widget_type=\"spacer.default\">\n\t\t\t\t<div class=\"elementor-widget-container\">\n\t\t\t\t\t\t\t<div class=\"elementor-spacer\">\n\t\t\t<div class=\"elementor-spacer-inner\"><\/div>\n\t\t<\/div>\n\t\t\t\t\t\t<\/div>\n\t\t\t\t<\/div>\n\t\t\t\t\t<\/div>\n\t\t<\/div>\n\t\t\t\t\t<\/div>\n\t\t<\/section>\n\t\t\t\t\t<\/div>\n\t\t<\/div>\n\t\t\t\t\t<\/div>\n\t\t<\/section>\n\t\t\t\t<section class=\"elementor-section elementor-top-section elementor-element elementor-element-6ff4ae3f servicio elementor-section-full_width elementor-section-height-default elementor-section-height-default\" data-id=\"6ff4ae3f\" data-element_type=\"section\" data-e-type=\"section\">\n\t\t\t\t\t\t<div class=\"elementor-container elementor-column-gap-no\">\n\t\t\t\t\t<div class=\"elementor-column elementor-col-100 elementor-top-column elementor-element elementor-element-6abcc1cc\" data-id=\"6abcc1cc\" data-element_type=\"column\" data-e-type=\"column\">\n\t\t\t<div class=\"elementor-widget-wrap elementor-element-populated\">\n\t\t\t\t\t\t<section class=\"elementor-section elementor-inner-section elementor-element elementor-element-307ab629 elementor-section-height-min-height elementor-section-boxed elementor-section-height-default\" data-id=\"307ab629\" data-element_type=\"section\" data-e-type=\"section\">\n\t\t\t\t\t\t<div class=\"elementor-container elementor-column-gap-default\">\n\t\t\t\t\t<div class=\"elementor-column elementor-col-50 elementor-inner-column elementor-element elementor-element-73dcce3\" data-id=\"73dcce3\" data-element_type=\"column\" data-e-type=\"column\" data-settings=\"{&quot;background_background&quot;:&quot;classic&quot;}\">\n\t\t\t<div class=\"elementor-widget-wrap elementor-element-populated\">\n\t\t\t\t\t\t<div class=\"elementor-element elementor-element-7fe7a46c elementor-hidden-desktop elementor-widget elementor-widget-spacer\" data-id=\"7fe7a46c\" data-element_type=\"widget\" data-e-type=\"widget\" data-widget_type=\"spacer.default\">\n\t\t\t\t<div class=\"elementor-widget-container\">\n\t\t\t\t\t\t\t<div class=\"elementor-spacer\">\n\t\t\t<div class=\"elementor-spacer-inner\"><\/div>\n\t\t<\/div>\n\t\t\t\t\t\t<\/div>\n\t\t\t\t<\/div>\n\t\t\t\t\t<\/div>\n\t\t<\/div>\n\t\t\t\t<div class=\"elementor-column elementor-col-50 elementor-inner-column elementor-element elementor-element-17de273a serviceContent\" data-id=\"17de273a\" data-element_type=\"column\" data-e-type=\"column\" data-settings=\"{&quot;background_background&quot;:&quot;classic&quot;}\">\n\t\t\t<div class=\"elementor-widget-wrap elementor-element-populated\">\n\t\t\t\t\t\t<div class=\"elementor-element elementor-element-95b5b98 elementor-widget elementor-widget-heading\" data-id=\"95b5b98\" data-element_type=\"widget\" data-e-type=\"widget\" data-widget_type=\"heading.default\">\n\t\t\t\t<div class=\"elementor-widget-container\">\n\t\t\t\t\t<h2 class=\"elementor-heading-title elementor-size-default\">Showrooms<\/h2>\t\t\t\t<\/div>\n\t\t\t\t<\/div>\n\t\t\t\t<div class=\"elementor-element elementor-element-7c7171e2 elementor-widget elementor-widget-text-editor\" data-id=\"7c7171e2\" data-element_type=\"widget\" data-e-type=\"widget\" data-widget_type=\"text-editor.default\">\n\t\t\t\t<div class=\"elementor-widget-container\">\n\t\t\t\t\t\t\t\t\t<p><span style=\"font-weight: 400;\">Les showrooms sont con\u00e7us pour pr\u00e9senter des produits, des collections ou des services de mani\u00e8re inspirante et professionnelle. Plus qu\u2019un simple espace de vente, ils permettent de valoriser une marque et de renforcer sa cr\u00e9dibilit\u00e9.<\/span><\/p><p><b>Un showroom bien pens\u00e9 met les produits au centre de l\u2019exp\u00e9rience.<\/b><span style=\"font-weight: 400;\"> Le mobilier doit faciliter la circulation, optimiser la pr\u00e9sentation et transmettre une image coh\u00e9rente avec le positionnement de l\u2019entreprise.<\/span><\/p><p><span style=\"font-weight: 400;\">Nous proposons des solutions adapt\u00e9es aux showrooms permanents, aux espaces temporaires ainsi qu\u2019aux environnements d\u00e9di\u00e9s aux rendez-vous professionnels.<\/span><\/p>\t\t\t\t\t\t\t\t<\/div>\n\t\t\t\t<\/div>\n\t\t\t\t\t<\/div>\n\t\t<\/div>\n\t\t\t\t\t<\/div>\n\t\t<\/section>\n\t\t\t\t\t<\/div>\n\t\t<\/div>\n\t\t\t\t\t<\/div>\n\t\t<\/section>\n\t\t\t\t<section class=\"elementor-section elementor-top-section elementor-element elementor-element-3da73ba3 elementor-section-boxed elementor-section-height-default elementor-section-height-default\" data-id=\"3da73ba3\" data-element_type=\"section\" data-e-type=\"section\" data-settings=\"{&quot;background_background&quot;:&quot;classic&quot;}\">\n\t\t\t\t\t\t\t<div class=\"elementor-background-overlay\"><\/div>\n\t\t\t\t\t\t\t<div class=\"elementor-container elementor-column-gap-default\">\n\t\t\t\t\t<div class=\"elementor-column elementor-col-100 elementor-top-column elementor-element elementor-element-7a1eb7fe\" data-id=\"7a1eb7fe\" data-element_type=\"column\" data-e-type=\"column\">\n\t\t\t<div class=\"elementor-widget-wrap elementor-element-populated\">\n\t\t\t\t\t\t<div class=\"elementor-element elementor-element-2ed6569b elementor-widget elementor-widget-heading\" data-id=\"2ed6569b\" data-element_type=\"widget\" data-e-type=\"widget\" data-widget_type=\"heading.default\">\n\t\t\t\t<div class=\"elementor-widget-container\">\n\t\t\t\t\t<h2 class=\"elementor-heading-title elementor-size-default\">Vous recherchez du mobilier pour votre espace commercial ?<\/h2>\t\t\t\t<\/div>\n\t\t\t\t<\/div>\n\t\t\t\t<div class=\"elementor-element elementor-element-79ce8fa2 elementor-widget elementor-widget-text-editor\" data-id=\"79ce8fa2\" data-element_type=\"widget\" data-e-type=\"widget\" data-widget_type=\"text-editor.default\">\n\t\t\t\t<div class=\"elementor-widget-container\">\n\t\t\t\t\t\t\t\t\t<p><span style=\"font-weight: 400;\">D\u00e9couvrez nos solutions d\u00e9di\u00e9es au retail et aux commerces.<\/span><\/p>\t\t\t\t\t\t\t\t<\/div>\n\t\t\t\t<\/div>\n\t\t\t\t<div class=\"elementor-element elementor-element-185cf20e elementor-widget elementor-widget-button\" data-id=\"185cf20e\" data-element_type=\"widget\" data-e-type=\"widget\" data-widget_type=\"button.default\">\n\t\t\t\t<div class=\"elementor-widget-container\">\n\t\t\t\t\t\t\t\t\t<div class=\"elementor-button-wrapper\">\n\t\t\t\t\t<a class=\"elementor-button elementor-button-link elementor-size-sm\" href=\"https:\/\/kaniel-agency.com\/fr\/contactez-nous\/\" rel=\"nofollow\">\n\t\t\t\t\t\t<span class=\"elementor-button-content-wrapper\">\n\t\t\t\t\t\t\t\t\t<span class=\"elementor-button-text\">CONT\u00c1CTEZ-NOUS<\/span>\n\t\t\t\t\t<\/span>\n\t\t\t\t\t<\/a>\n\t\t\t\t<\/div>\n\t\t\t\t\t\t\t\t<\/div>\n\t\t\t\t<\/div>\n\t\t\t\t\t<\/div>\n\t\t<\/div>\n\t\t\t\t\t<\/div>\n\t\t<\/section>\n\t\t\t\t<section class=\"elementor-section elementor-top-section elementor-element elementor-element-6497aacf servicio elementor-section-full_width elementor-section-height-default elementor-section-height-default\" data-id=\"6497aacf\" data-element_type=\"section\" data-e-type=\"section\">\n\t\t\t\t\t\t<div class=\"elementor-container elementor-column-gap-no\">\n\t\t\t\t\t<div class=\"elementor-column elementor-col-100 elementor-top-column elementor-element elementor-element-c5774e5\" data-id=\"c5774e5\" data-element_type=\"column\" data-e-type=\"column\">\n\t\t\t<div class=\"elementor-widget-wrap elementor-element-populated\">\n\t\t\t\t\t\t<section class=\"elementor-section elementor-inner-section elementor-element elementor-element-3dfab97c elementor-section-height-min-height elementor-section-boxed elementor-section-height-default\" data-id=\"3dfab97c\" data-element_type=\"section\" data-e-type=\"section\">\n\t\t\t\t\t\t<div class=\"elementor-container elementor-column-gap-default\">\n\t\t\t\t\t<div class=\"elementor-column elementor-col-50 elementor-inner-column elementor-element elementor-element-1b944119 serviceContent\" data-id=\"1b944119\" data-element_type=\"column\" data-e-type=\"column\" data-settings=\"{&quot;background_background&quot;:&quot;classic&quot;}\">\n\t\t\t<div class=\"elementor-widget-wrap elementor-element-populated\">\n\t\t\t\t\t\t<div class=\"elementor-element elementor-element-26f225c9 elementor-widget elementor-widget-heading\" data-id=\"26f225c9\" data-element_type=\"widget\" data-e-type=\"widget\" data-widget_type=\"heading.default\">\n\t\t\t\t<div class=\"elementor-widget-container\">\n\t\t\t\t\t<h2 class=\"elementor-heading-title elementor-size-default\">Visual merchandising<\/h2>\t\t\t\t<\/div>\n\t\t\t\t<\/div>\n\t\t\t\t<div class=\"elementor-element elementor-element-115c3e32 elementor-widget elementor-widget-text-editor\" data-id=\"115c3e32\" data-element_type=\"widget\" data-e-type=\"widget\" data-widget_type=\"text-editor.default\">\n\t\t\t\t<div class=\"elementor-widget-container\">\n\t\t\t\t\t\t\t\t\t<p><span style=\"font-weight: 400;\">Le visual merchandising est un levier strat\u00e9gique pour attirer les visiteurs et favoriser les ventes. La mani\u00e8re dont les produits sont pr\u00e9sent\u00e9s influence directement leur perception et leurs d\u00e9cisions d\u2019achat.<\/span><\/p><p><b>Une pr\u00e9sentation soign\u00e9e peut faire toute la diff\u00e9rence entre attirer l\u2019attention ou passer inaper\u00e7u.<\/b><span style=\"font-weight: 400;\"> Le mobilier doit donc permettre de mettre en valeur les produits tout en s\u2019adaptant aux \u00e9volutions des collections et des saisons.<\/span><\/p><p><span style=\"font-weight: 400;\">Nous collaborons avec des marques proposant des solutions flexibles et fonctionnelles capables d\u2019am\u00e9liorer l\u2019exp\u00e9rience en magasin.<\/span><\/p>\t\t\t\t\t\t\t\t<\/div>\n\t\t\t\t<\/div>\n\t\t\t\t\t<\/div>\n\t\t<\/div>\n\t\t\t\t<div class=\"elementor-column elementor-col-50 elementor-inner-column elementor-element elementor-element-4ad6263d\" data-id=\"4ad6263d\" data-element_type=\"column\" data-e-type=\"column\" data-settings=\"{&quot;background_background&quot;:&quot;classic&quot;}\">\n\t\t\t<div class=\"elementor-widget-wrap elementor-element-populated\">\n\t\t\t\t\t\t<div class=\"elementor-element elementor-element-555eab51 elementor-hidden-desktop elementor-widget elementor-widget-spacer\" data-id=\"555eab51\" data-element_type=\"widget\" data-e-type=\"widget\" data-widget_type=\"spacer.default\">\n\t\t\t\t<div class=\"elementor-widget-container\">\n\t\t\t\t\t\t\t<div class=\"elementor-spacer\">\n\t\t\t<div class=\"elementor-spacer-inner\"><\/div>\n\t\t<\/div>\n\t\t\t\t\t\t<\/div>\n\t\t\t\t<\/div>\n\t\t\t\t\t<\/div>\n\t\t<\/div>\n\t\t\t\t\t<\/div>\n\t\t<\/section>\n\t\t\t\t\t<\/div>\n\t\t<\/div>\n\t\t\t\t\t<\/div>\n\t\t<\/section>\n\t\t\t\t<section class=\"elementor-section elementor-top-section elementor-element elementor-element-74115771 servicio elementor-section-full_width elementor-section-height-default elementor-section-height-default\" data-id=\"74115771\" data-element_type=\"section\" data-e-type=\"section\">\n\t\t\t\t\t\t<div class=\"elementor-container elementor-column-gap-no\">\n\t\t\t\t\t<div class=\"elementor-column elementor-col-100 elementor-top-column elementor-element elementor-element-54b520e\" data-id=\"54b520e\" data-element_type=\"column\" data-e-type=\"column\">\n\t\t\t<div class=\"elementor-widget-wrap elementor-element-populated\">\n\t\t\t\t\t\t<section class=\"elementor-section elementor-inner-section elementor-element elementor-element-5e52cf6d elementor-section-height-min-height elementor-section-boxed elementor-section-height-default\" data-id=\"5e52cf6d\" data-element_type=\"section\" data-e-type=\"section\">\n\t\t\t\t\t\t<div class=\"elementor-container elementor-column-gap-default\">\n\t\t\t\t\t<div class=\"elementor-column elementor-col-50 elementor-inner-column elementor-element elementor-element-2f9d8fee\" data-id=\"2f9d8fee\" data-element_type=\"column\" data-e-type=\"column\" data-settings=\"{&quot;background_background&quot;:&quot;classic&quot;}\">\n\t\t\t<div class=\"elementor-widget-wrap elementor-element-populated\">\n\t\t\t\t\t\t<div class=\"elementor-element elementor-element-776fd38b elementor-hidden-desktop elementor-widget elementor-widget-spacer\" data-id=\"776fd38b\" data-element_type=\"widget\" data-e-type=\"widget\" data-widget_type=\"spacer.default\">\n\t\t\t\t<div class=\"elementor-widget-container\">\n\t\t\t\t\t\t\t<div class=\"elementor-spacer\">\n\t\t\t<div class=\"elementor-spacer-inner\"><\/div>\n\t\t<\/div>\n\t\t\t\t\t\t<\/div>\n\t\t\t\t<\/div>\n\t\t\t\t\t<\/div>\n\t\t<\/div>\n\t\t\t\t<div class=\"elementor-column elementor-col-50 elementor-inner-column elementor-element elementor-element-5b57b0a6 serviceContent\" data-id=\"5b57b0a6\" data-element_type=\"column\" data-e-type=\"column\" data-settings=\"{&quot;background_background&quot;:&quot;classic&quot;}\">\n\t\t\t<div class=\"elementor-widget-wrap elementor-element-populated\">\n\t\t\t\t\t\t<div class=\"elementor-element elementor-element-16391690 elementor-widget elementor-widget-heading\" data-id=\"16391690\" data-element_type=\"widget\" data-e-type=\"widget\" data-widget_type=\"heading.default\">\n\t\t\t\t<div class=\"elementor-widget-container\">\n\t\t\t\t\t<h2 class=\"elementor-heading-title elementor-size-default\">Design commercial<\/h2>\t\t\t\t<\/div>\n\t\t\t\t<\/div>\n\t\t\t\t<div class=\"elementor-element elementor-element-2f2dfec6 elementor-widget elementor-widget-text-editor\" data-id=\"2f2dfec6\" data-element_type=\"widget\" data-e-type=\"widget\" data-widget_type=\"text-editor.default\">\n\t\t\t\t<div class=\"elementor-widget-container\">\n\t\t\t\t\t\t\t\t\t<p><span style=\"font-weight: 400;\">Le design commercial va bien au-del\u00e0 de l\u2019esth\u00e9tique. Son objectif est de cr\u00e9er des espaces capables de communiquer les valeurs d\u2019une marque, d\u2019am\u00e9liorer l\u2019exp\u00e9rience client et d\u2019optimiser les performances du point de vente.<\/span><\/p><p><b>Les espaces commerciaux les plus performants sont ceux qui parviennent \u00e0 associer fonctionnalit\u00e9, identit\u00e9 et \u00e9motion.<\/b><span style=\"font-weight: 400;\"> L\u2019agencement, les mat\u00e9riaux, l\u2019\u00e9clairage et le mobilier travaillent ensemble pour construire une exp\u00e9rience m\u00e9morable.<\/span><\/p><p><span style=\"font-weight: 400;\">Chez Kaniel Agency, nous accompagnons les professionnels dans la cr\u00e9ation d\u2019espaces commerciaux qui se distinguent par leur personnalit\u00e9, leur coh\u00e9rence et leur capacit\u00e9 \u00e0 s\u00e9duire leur client\u00e8le.<\/span><\/p>\t\t\t\t\t\t\t\t<\/div>\n\t\t\t\t<\/div>\n\t\t\t\t\t<\/div>\n\t\t<\/div>\n\t\t\t\t\t<\/div>\n\t\t<\/section>\n\t\t\t\t\t<\/div>\n\t\t<\/div>\n\t\t\t\t\t<\/div>\n\t\t<\/section>\n\t\t\t\t<section class=\"elementor-section elementor-top-section elementor-element elementor-element-3322e938 elementor-section-boxed elementor-section-height-default elementor-section-height-default\" data-id=\"3322e938\" data-element_type=\"section\" data-e-type=\"section\">\n\t\t\t\t\t\t<div class=\"elementor-container elementor-column-gap-default\">\n\t\t\t\t\t<div class=\"elementor-column elementor-col-33 elementor-top-column elementor-element elementor-element-4e41086b elementor-hidden-tablet elementor-hidden-phone\" data-id=\"4e41086b\" data-element_type=\"column\" data-e-type=\"column\">\n\t\t\t<div class=\"elementor-widget-wrap\">\n\t\t\t\t\t\t\t<\/div>\n\t\t<\/div>\n\t\t\t\t<div class=\"elementor-column elementor-col-33 elementor-top-column elementor-element elementor-element-31f278d5\" data-id=\"31f278d5\" data-element_type=\"column\" data-e-type=\"column\">\n\t\t\t<div class=\"elementor-widget-wrap elementor-element-populated\">\n\t\t\t\t\t\t<div class=\"elementor-element elementor-element-5ed41e84 elementor-widget elementor-widget-text-editor\" data-id=\"5ed41e84\" data-element_type=\"widget\" data-e-type=\"widget\" data-widget_type=\"text-editor.default\">\n\t\t\t\t<div class=\"elementor-widget-container\">\n\t\t\t\t\t\t\t\t\t<h1><b>Questions fr\u00e9quentes sur le mobilier contract pour le retail<\/b><\/h1>\t\t\t\t\t\t\t\t<\/div>\n\t\t\t\t<\/div>\n\t\t\t\t<div class=\"elementor-element elementor-element-75359fcb elementor-widget elementor-widget-toggle\" data-id=\"75359fcb\" data-element_type=\"widget\" data-e-type=\"widget\" data-widget_type=\"toggle.default\">\n\t\t\t\t<div class=\"elementor-widget-container\">\n\t\t\t\t\t\t\t<div class=\"elementor-toggle\">\n\t\t\t\t\t\t\t<div class=\"elementor-toggle-item\">\n\t\t\t\t\t<div id=\"elementor-tab-title-1961\" class=\"elementor-tab-title\" data-tab=\"1\" role=\"button\" aria-controls=\"elementor-tab-content-1961\" aria-expanded=\"false\">\n\t\t\t\t\t\t\t\t\t\t\t\t<span class=\"elementor-toggle-icon elementor-toggle-icon-right\" aria-hidden=\"true\">\n\t\t\t\t\t\t\t\t\t\t\t\t\t\t\t<span class=\"elementor-toggle-icon-closed\"><i class=\"fas fa-chevron-down\"><\/i><\/span>\n\t\t\t\t\t\t\t\t<span class=\"elementor-toggle-icon-opened\"><i class=\"elementor-toggle-icon-opened fas fa-chevron-up\"><\/i><\/span>\n\t\t\t\t\t\t\t\t\t\t\t\t\t<\/span>\n\t\t\t\t\t\t\t\t\t\t\t\t<a class=\"elementor-toggle-title\" tabindex=\"0\">Qu\u2019est-ce que le mobilier contract pour le retail ?<\/a>\n\t\t\t\t\t<\/div>\n\n\t\t\t\t\t<div id=\"elementor-tab-content-1961\" class=\"elementor-tab-content elementor-clearfix\" data-tab=\"1\" role=\"region\" aria-labelledby=\"elementor-tab-title-1961\"><p><span style=\"font-weight: 400;\">Il s\u2019agit d\u2019un mobilier con\u00e7u pour les espaces commerciaux n\u00e9cessitant durabilit\u00e9, fonctionnalit\u00e9 et coh\u00e9rence esth\u00e9tique.<\/span><\/p><\/div>\n\t\t\t\t<\/div>\n\t\t\t\t\t\t\t<div class=\"elementor-toggle-item\">\n\t\t\t\t\t<div id=\"elementor-tab-title-1962\" class=\"elementor-tab-title\" data-tab=\"2\" role=\"button\" aria-controls=\"elementor-tab-content-1962\" aria-expanded=\"false\">\n\t\t\t\t\t\t\t\t\t\t\t\t<span class=\"elementor-toggle-icon elementor-toggle-icon-right\" aria-hidden=\"true\">\n\t\t\t\t\t\t\t\t\t\t\t\t\t\t\t<span class=\"elementor-toggle-icon-closed\"><i class=\"fas fa-chevron-down\"><\/i><\/span>\n\t\t\t\t\t\t\t\t<span class=\"elementor-toggle-icon-opened\"><i class=\"elementor-toggle-icon-opened fas fa-chevron-up\"><\/i><\/span>\n\t\t\t\t\t\t\t\t\t\t\t\t\t<\/span>\n\t\t\t\t\t\t\t\t\t\t\t\t<a class=\"elementor-toggle-title\" tabindex=\"0\">Travaillez-vous avec des boutiques et des franchises ?<\/a>\n\t\t\t\t\t<\/div>\n\n\t\t\t\t\t<div id=\"elementor-tab-content-1962\" class=\"elementor-tab-content elementor-clearfix\" data-tab=\"2\" role=\"region\" aria-labelledby=\"elementor-tab-title-1962\"><p><span style=\"font-weight: 400;\">Oui. Nous collaborons avec des commerces ind\u00e9pendants, des cha\u00eenes de magasins et des r\u00e9seaux de franchises.<\/span><\/p><\/div>\n\t\t\t\t<\/div>\n\t\t\t\t\t\t\t<div class=\"elementor-toggle-item\">\n\t\t\t\t\t<div id=\"elementor-tab-title-1963\" class=\"elementor-tab-title\" data-tab=\"3\" role=\"button\" aria-controls=\"elementor-tab-content-1963\" aria-expanded=\"false\">\n\t\t\t\t\t\t\t\t\t\t\t\t<span class=\"elementor-toggle-icon elementor-toggle-icon-right\" aria-hidden=\"true\">\n\t\t\t\t\t\t\t\t\t\t\t\t\t\t\t<span class=\"elementor-toggle-icon-closed\"><i class=\"fas fa-chevron-down\"><\/i><\/span>\n\t\t\t\t\t\t\t\t<span class=\"elementor-toggle-icon-opened\"><i class=\"elementor-toggle-icon-opened fas fa-chevron-up\"><\/i><\/span>\n\t\t\t\t\t\t\t\t\t\t\t\t\t<\/span>\n\t\t\t\t\t\t\t\t\t\t\t\t<a class=\"elementor-toggle-title\" tabindex=\"0\">Pouvez-vous nous conseiller sur l\u2019am\u00e9nagement de l\u2019espace ?<\/a>\n\t\t\t\t\t<\/div>\n\n\t\t\t\t\t<div id=\"elementor-tab-content-1963\" class=\"elementor-tab-content elementor-clearfix\" data-tab=\"3\" role=\"region\" aria-labelledby=\"elementor-tab-title-1963\"><p><span style=\"font-weight: 400;\">Oui. Nous aidons nos clients \u00e0 s\u00e9lectionner les solutions les plus adapt\u00e9es \u00e0 chaque projet commercial.<\/span><\/p><\/div>\n\t\t\t\t<\/div>\n\t\t\t\t\t\t\t<div class=\"elementor-toggle-item\">\n\t\t\t\t\t<div id=\"elementor-tab-title-1964\" class=\"elementor-tab-title\" data-tab=\"4\" role=\"button\" aria-controls=\"elementor-tab-content-1964\" aria-expanded=\"false\">\n\t\t\t\t\t\t\t\t\t\t\t\t<span class=\"elementor-toggle-icon elementor-toggle-icon-right\" aria-hidden=\"true\">\n\t\t\t\t\t\t\t\t\t\t\t\t\t\t\t<span class=\"elementor-toggle-icon-closed\"><i class=\"fas fa-chevron-down\"><\/i><\/span>\n\t\t\t\t\t\t\t\t<span class=\"elementor-toggle-icon-opened\"><i class=\"elementor-toggle-icon-opened fas fa-chevron-up\"><\/i><\/span>\n\t\t\t\t\t\t\t\t\t\t\t\t\t<\/span>\n\t\t\t\t\t\t\t\t\t\t\t\t<a class=\"elementor-toggle-title\" tabindex=\"0\">Quels sont les avantages d\u2019un design commercial bien pens\u00e9 ?<\/a>\n\t\t\t\t\t<\/div>\n\n\t\t\t\t\t<div id=\"elementor-tab-content-1964\" class=\"elementor-tab-content elementor-clearfix\" data-tab=\"4\" role=\"region\" aria-labelledby=\"elementor-tab-title-1964\"><p><span style=\"font-weight: 400;\">Il permet d\u2019am\u00e9liorer l\u2019exp\u00e9rience client, de renforcer l\u2019image de marque et d\u2019augmenter le temps pass\u00e9 en magasin.<\/span><\/p><\/div>\n\t\t\t\t<\/div>\n\t\t\t\t\t\t\t\t<\/div>\n\t\t\t\t\t\t<\/div>\n\t\t\t\t<\/div>\n\t\t\t\t\t<\/div>\n\t\t<\/div>\n\t\t\t\t<div class=\"elementor-column elementor-col-33 elementor-top-column elementor-element elementor-element-5aaa167d elementor-hidden-tablet elementor-hidden-phone\" data-id=\"5aaa167d\" data-element_type=\"column\" data-e-type=\"column\">\n\t\t\t<div class=\"elementor-widget-wrap\">\n\t\t\t\t\t\t\t<\/div>\n\t\t<\/div>\n\t\t\t\t\t<\/div>\n\t\t<\/section>\n\t\t\t\t<\/div>\n\t\t","protected":false},"excerpt":{"rendered":"<p>Mobilier contract pour le retail et les espaces commerciaux Nous cr\u00e9ons des espaces commerciaux qui am\u00e9liorent l\u2019exp\u00e9rience d\u2019achat et contribuent \u00e0 renforcer le positionnement de chaque marque. Le design commercial influence les ventes L\u2019agencement de l\u2019espace, l\u2019\u00e9clairage et le mobilier influencent directement le comportement des consommateurs et leur perception de la marque. Des solutions pour [&hellip;]<\/p>\n","protected":false},"author":4,"featured_media":0,"parent":0,"menu_order":0,"comment_status":"closed","ping_status":"closed","template":"elementor_header_footer","meta":{"_acf_changed":false,"_ayudawp_aiss_exclude":false,"_ayudawp_aiss_exclude_summary":false,"footnotes":""},"class_list":["post-13562","page","type-page","status-publish","hentry"],"acf":[],"yoast_head":"<!-- This site is optimized with the Yoast SEO plugin v28.4 - https:\/\/yoast.com\/product\/yoast-seo-wordpress\/ -->\n<title>Mobilier pour votre projet &#8226; Kaniel Agency<\/title>\n<meta name=\"description\" content=\"Cherchez-vous \u00e0 adapter votre projet aux derni\u00e8res tendances ? D\u00e9couvrez le mobilier des marques qui font partie de Kaniel Agency.\" \/>\n<meta name=\"robots\" content=\"index, follow, max-snippet:-1, max-image-preview:large, max-video-preview:-1\" \/>\n<link rel=\"canonical\" href=\"https:\/\/kaniel-agency.com\/fr\/contrat-pour-retail-espaces-commerciaux\/\" \/>\n<meta property=\"og:locale\" content=\"fr_FR\" \/>\n<meta property=\"og:type\" content=\"article\" \/>\n<meta property=\"og:title\" content=\"Mobilier pour votre projet &#8226; Kaniel Agency\" \/>\n<meta property=\"og:description\" content=\"Cherchez-vous \u00e0 adapter votre projet aux derni\u00e8res tendances ? D\u00e9couvrez le mobilier des marques qui font partie de Kaniel Agency.\" \/>\n<meta property=\"og:url\" content=\"https:\/\/kaniel-agency.com\/fr\/contrat-pour-retail-espaces-commerciaux\/\" \/>\n<meta property=\"og:site_name\" content=\"Kaniel Agency\" \/>\n<meta property=\"article:publisher\" content=\"https:\/\/www.facebook.com\/kanielagency\/\" \/>\n<meta property=\"article:modified_time\" content=\"2026-09-03T20:22:47+00:00\" \/>\n<meta property=\"og:image\" content=\"https:\/\/kaniel-agency.com\/wp-content\/uploads\/2020\/01\/servicio-ejemplo-1.png\" \/>\n\t<meta property=\"og:image:width\" content=\"746\" \/>\n\t<meta property=\"og:image:height\" content=\"545\" \/>\n\t<meta property=\"og:image:type\" content=\"image\/png\" \/>\n<meta name=\"twitter:card\" content=\"summary_large_image\" \/>\n<meta name=\"twitter:site\" content=\"@kanielagency\" \/>\n<meta name=\"twitter:label1\" content=\"Dur\u00e9e de lecture estim\u00e9e\" \/>\n\t<meta name=\"twitter:data1\" content=\"4 minutes\" \/>\n<script type=\"application\/ld+json\" class=\"yoast-schema-graph\">{\"@context\":\"https:\\\/\\\/schema.org\",\"@graph\":[{\"@type\":\"WebPage\",\"@id\":\"https:\\\/\\\/kaniel-agency.com\\\/fr\\\/contrat-pour-retail-espaces-commerciaux\\\/\",\"url\":\"https:\\\/\\\/kaniel-agency.com\\\/fr\\\/contrat-pour-retail-espaces-commerciaux\\\/\",\"name\":\"Mobilier pour votre projet &#8226; Kaniel Agency\",\"isPartOf\":{\"@id\":\"https:\\\/\\\/kaniel-agency.com\\\/fr\\\/#website\"},\"datePublished\":\"2026-09-03T20:11:42+00:00\",\"dateModified\":\"2026-09-03T20:22:47+00:00\",\"description\":\"Cherchez-vous \u00e0 adapter votre projet aux derni\u00e8res tendances ? D\u00e9couvrez le mobilier des marques qui font partie de Kaniel Agency.\",\"breadcrumb\":{\"@id\":\"https:\\\/\\\/kaniel-agency.com\\\/fr\\\/contrat-pour-retail-espaces-commerciaux\\\/#breadcrumb\"},\"inLanguage\":\"fr-FR\",\"potentialAction\":[{\"@type\":\"ReadAction\",\"target\":[\"https:\\\/\\\/kaniel-agency.com\\\/fr\\\/contrat-pour-retail-espaces-commerciaux\\\/\"]}]},{\"@type\":\"BreadcrumbList\",\"@id\":\"https:\\\/\\\/kaniel-agency.com\\\/fr\\\/contrat-pour-retail-espaces-commerciaux\\\/#breadcrumb\",\"itemListElement\":[{\"@type\":\"ListItem\",\"position\":1,\"name\":\"Accueil\",\"item\":\"https:\\\/\\\/kaniel-agency.com\\\/fr\\\/\"},{\"@type\":\"ListItem\",\"position\":2,\"name\":\"Mobilier contract pour le retail et les espaces commerciaux\"}]},{\"@type\":\"WebSite\",\"@id\":\"https:\\\/\\\/kaniel-agency.com\\\/fr\\\/#website\",\"url\":\"https:\\\/\\\/kaniel-agency.com\\\/fr\\\/\",\"name\":\"Kaniel Agency\",\"description\":\"Interiorism &amp; life style agency\",\"publisher\":{\"@id\":\"https:\\\/\\\/kaniel-agency.com\\\/fr\\\/#organization\"},\"potentialAction\":[{\"@type\":\"SearchAction\",\"target\":{\"@type\":\"EntryPoint\",\"urlTemplate\":\"https:\\\/\\\/kaniel-agency.com\\\/fr\\\/?s={search_term_string}\"},\"query-input\":{\"@type\":\"PropertyValueSpecification\",\"valueRequired\":true,\"valueName\":\"search_term_string\"}}],\"inLanguage\":\"fr-FR\"},{\"@type\":\"Organization\",\"@id\":\"https:\\\/\\\/kaniel-agency.com\\\/fr\\\/#organization\",\"name\":\"Kaniel Comercial, SL\",\"url\":\"https:\\\/\\\/kaniel-agency.com\\\/fr\\\/\",\"logo\":{\"@type\":\"ImageObject\",\"inLanguage\":\"fr-FR\",\"@id\":\"https:\\\/\\\/kaniel-agency.com\\\/fr\\\/#\\\/schema\\\/logo\\\/image\\\/\",\"url\":\"https:\\\/\\\/kaniel-agency.com\\\/wp-content\\\/uploads\\\/2020\\\/01\\\/logo-negro.svg\",\"contentUrl\":\"https:\\\/\\\/kaniel-agency.com\\\/wp-content\\\/uploads\\\/2020\\\/01\\\/logo-negro.svg\",\"width\":1,\"height\":1,\"caption\":\"Kaniel Comercial, SL\"},\"image\":{\"@id\":\"https:\\\/\\\/kaniel-agency.com\\\/fr\\\/#\\\/schema\\\/logo\\\/image\\\/\"},\"sameAs\":[\"https:\\\/\\\/www.facebook.com\\\/kanielagency\\\/\",\"https:\\\/\\\/x.com\\\/kanielagency\",\"https:\\\/\\\/www.linkedin.com\\\/company\\\/kanielagency\\\/\",\"https:\\\/\\\/www.instagram.com\\\/kanielagency\\\/\"]}]}<\/script>\n<!-- \/ Yoast SEO plugin. -->","yoast_head_json":{"title":"Mobilier pour votre projet &#8226; Kaniel Agency","description":"Cherchez-vous \u00e0 adapter votre projet aux derni\u00e8res tendances ? D\u00e9couvrez le mobilier des marques qui font partie de Kaniel Agency.","robots":{"index":"index","follow":"follow","max-snippet":"max-snippet:-1","max-image-preview":"max-image-preview:large","max-video-preview":"max-video-preview:-1"},"canonical":"https:\/\/kaniel-agency.com\/fr\/contrat-pour-retail-espaces-commerciaux\/","og_locale":"fr_FR","og_type":"article","og_title":"Mobilier pour votre projet &#8226; Kaniel Agency","og_description":"Cherchez-vous \u00e0 adapter votre projet aux derni\u00e8res tendances ? D\u00e9couvrez le mobilier des marques qui font partie de Kaniel Agency.","og_url":"https:\/\/kaniel-agency.com\/fr\/contrat-pour-retail-espaces-commerciaux\/","og_site_name":"Kaniel Agency","article_publisher":"https:\/\/www.facebook.com\/kanielagency\/","article_modified_time":"2026-09-03T20:22:47+00:00","og_image":[{"width":746,"height":545,"url":"https:\/\/kaniel-agency.com\/wp-content\/uploads\/2020\/01\/servicio-ejemplo-1.png","type":"image\/png"}],"twitter_card":"summary_large_image","twitter_site":"@kanielagency","twitter_misc":{"Dur\u00e9e de lecture estim\u00e9e":"4 minutes"},"schema":{"@context":"https:\/\/schema.org","@graph":[{"@type":"WebPage","@id":"https:\/\/kaniel-agency.com\/fr\/contrat-pour-retail-espaces-commerciaux\/","url":"https:\/\/kaniel-agency.com\/fr\/contrat-pour-retail-espaces-commerciaux\/","name":"Mobilier pour votre projet &#8226; Kaniel Agency","isPartOf":{"@id":"https:\/\/kaniel-agency.com\/fr\/#website"},"datePublished":"2026-09-03T20:11:42+00:00","dateModified":"2026-09-03T20:22:47+00:00","description":"Cherchez-vous \u00e0 adapter votre projet aux derni\u00e8res tendances ? D\u00e9couvrez le mobilier des marques qui font partie de Kaniel Agency.","breadcrumb":{"@id":"https:\/\/kaniel-agency.com\/fr\/contrat-pour-retail-espaces-commerciaux\/#breadcrumb"},"inLanguage":"fr-FR","potentialAction":[{"@type":"ReadAction","target":["https:\/\/kaniel-agency.com\/fr\/contrat-pour-retail-espaces-commerciaux\/"]}]},{"@type":"BreadcrumbList","@id":"https:\/\/kaniel-agency.com\/fr\/contrat-pour-retail-espaces-commerciaux\/#breadcrumb","itemListElement":[{"@type":"ListItem","position":1,"name":"Accueil","item":"https:\/\/kaniel-agency.com\/fr\/"},{"@type":"ListItem","position":2,"name":"Mobilier contract pour le retail et les espaces commerciaux"}]},{"@type":"WebSite","@id":"https:\/\/kaniel-agency.com\/fr\/#website","url":"https:\/\/kaniel-agency.com\/fr\/","name":"Kaniel Agency","description":"Interiorism &amp; life style agency","publisher":{"@id":"https:\/\/kaniel-agency.com\/fr\/#organization"},"potentialAction":[{"@type":"SearchAction","target":{"@type":"EntryPoint","urlTemplate":"https:\/\/kaniel-agency.com\/fr\/?s={search_term_string}"},"query-input":{"@type":"PropertyValueSpecification","valueRequired":true,"valueName":"search_term_string"}}],"inLanguage":"fr-FR"},{"@type":"Organization","@id":"https:\/\/kaniel-agency.com\/fr\/#organization","name":"Kaniel Comercial, SL","url":"https:\/\/kaniel-agency.com\/fr\/","logo":{"@type":"ImageObject","inLanguage":"fr-FR","@id":"https:\/\/kaniel-agency.com\/fr\/#\/schema\/logo\/image\/","url":"https:\/\/kaniel-agency.com\/wp-content\/uploads\/2020\/01\/logo-negro.svg","contentUrl":"https:\/\/kaniel-agency.com\/wp-content\/uploads\/2020\/01\/logo-negro.svg","width":1,"height":1,"caption":"Kaniel Comercial, SL"},"image":{"@id":"https:\/\/kaniel-agency.com\/fr\/#\/schema\/logo\/image\/"},"sameAs":["https:\/\/www.facebook.com\/kanielagency\/","https:\/\/x.com\/kanielagency","https:\/\/www.linkedin.com\/company\/kanielagency\/","https:\/\/www.instagram.com\/kanielagency\/"]}]}},"_links":{"self":[{"href":"https:\/\/kaniel-agency.com\/fr\/wp-json\/wp\/v2\/pages\/13562","targetHints":{"allow":["GET"]}}],"collection":[{"href":"https:\/\/kaniel-agency.com\/fr\/wp-json\/wp\/v2\/pages"}],"about":[{"href":"https:\/\/kaniel-agency.com\/fr\/wp-json\/wp\/v2\/types\/page"}],"author":[{"embeddable":true,"href":"https:\/\/kaniel-agency.com\/fr\/wp-json\/wp\/v2\/users\/4"}],"replies":[{"embeddable":true,"href":"https:\/\/kaniel-agency.com\/fr\/wp-json\/wp\/v2\/comments?post=13562"}],"version-history":[{"count":8,"href":"https:\/\/kaniel-agency.com\/fr\/wp-json\/wp\/v2\/pages\/13562\/revisions"}],"predecessor-version":[{"id":13659,"href":"https:\/\/kaniel-agency.com\/fr\/wp-json\/wp\/v2\/pages\/13562\/revisions\/13659"}],"wp:attachment":[{"href":"https:\/\/kaniel-agency.com\/fr\/wp-json\/wp\/v2\/media?parent=13562"}],"curies":[{"name":"wp","href":"https:\/\/api.w.org\/{rel}","templated":true}]}}