{"version":"1.0","provider_name":"Kaniel Agency","provider_url":"https:\/\/kaniel-agency.com\/fr\/","author_name":"Elie","author_url":"https:\/\/kaniel-agency.com\/fr\/author\/elie\/","title":"Feria H\u00e1bitat Valencia 2025 profitez-en pour d\u00e9couvrir nos marques","type":"rich","width":600,"height":338,"html":"<blockquote class=\"wp-embedded-content\" data-secret=\"wE85o13Bzk\"><a href=\"https:\/\/kaniel-agency.com\/fr\/feria-habitat-valencia-2025\/\">Feria H\u00e1bitat Valencia 2025 : profitez-en pour d\u00e9couvrir nos marques<\/a><\/blockquote><iframe sandbox=\"allow-scripts\" security=\"restricted\" src=\"https:\/\/kaniel-agency.com\/fr\/feria-habitat-valencia-2025\/embed\/#?secret=wE85o13Bzk\" width=\"600\" height=\"338\" title=\"\u00ab\u00a0Feria H\u00e1bitat Valencia 2025 : profitez-en pour d\u00e9couvrir nos marques\u00a0\u00bb &#8212; Kaniel Agency\" data-secret=\"wE85o13Bzk\" frameborder=\"0\" marginwidth=\"0\" marginheight=\"0\" scrolling=\"no\" class=\"wp-embedded-content\"><\/iframe><script>\n\/*! This file is auto-generated *\/\n!function(d,l){\"use strict\";l.querySelector&&d.addEventListener&&\"undefined\"!=typeof URL&&(d.wp=d.wp||{},d.wp.receiveEmbedMessage||(d.wp.receiveEmbedMessage=function(e){var t=e.data;if((t||t.secret||t.message||t.value)&&!\/[^a-zA-Z0-9]\/.test(t.secret)){for(var s,r,n,a=l.querySelectorAll('iframe[data-secret=\"'+t.secret+'\"]'),o=l.querySelectorAll('blockquote[data-secret=\"'+t.secret+'\"]'),c=new RegExp(\"^https?:$\",\"i\"),i=0;i<o.length;i++)o[i].style.display=\"none\";for(i=0;i<a.length;i++)s=a[i],e.source===s.contentWindow&&(s.removeAttribute(\"style\"),\"height\"===t.message?(1e3<(r=parseInt(t.value,10))?r=1e3:~~r<200&&(r=200),s.height=r):\"link\"===t.message&&(r=new URL(s.getAttribute(\"src\")),n=new URL(t.value),c.test(n.protocol))&&n.host===r.host&&l.activeElement===s&&(d.top.location.href=t.value))}},d.addEventListener(\"message\",d.wp.receiveEmbedMessage,!1),l.addEventListener(\"DOMContentLoaded\",function(){for(var e,t,s=l.querySelectorAll(\"iframe.wp-embedded-content\"),r=0;r<s.length;r++)(t=(e=s[r]).getAttribute(\"data-secret\"))||(t=Math.random().toString(36).substring(2,12),e.src+=\"#?secret=\"+t,e.setAttribute(\"data-secret\",t)),e.contentWindow.postMessage({message:\"ready\",secret:t},\"*\")},!1)))}(window,document);\n\/\/# sourceURL=https:\/\/kaniel-agency.com\/wp-includes\/js\/wp-embed.min.js\n<\/script>\n","thumbnail_url":"https:\/\/kaniel-agency.com\/wp-content\/uploads\/2025\/09\/feria-habitat-2025.webp","thumbnail_width":2048,"thumbnail_height":1402,"description":"Valence devient en septembre la capitale du design d\u2019int\u00e9rieur en Espagne.&nbsp; Du 29 septembre au 2 octobre 2025, la Feria H\u00e1bitat Valencia accueillera les grandes marques europ\u00e9ennes du mobilier, de la d\u00e9coration et de l\u2019\u00e9clairage. C\u2019est l\u2019un des \u00e9v\u00e9nements incontournables pour les architectes d\u2019int\u00e9rieur, d\u00e9corateurs, distributeurs et prescripteurs qui souhaitent d\u00e9couvrir les nouveaut\u00e9s, anticiper les [&hellip;]"}